{"id":56,"date":"2021-12-10T14:21:02","date_gmt":"2021-12-10T13:21:02","guid":{"rendered":"https:\/\/www.campinglarenaudiere.com\/?page_id=56"},"modified":"2026-04-15T15:40:11","modified_gmt":"2026-04-15T13:40:11","slug":"tarife-fur-die-vermietung-von-mobilheimen","status":"publish","type":"page","link":"https:\/\/www.mirabel-crique.com\/de\/tarifs-locations-mobilhomes\/","title":{"rendered":"Mobilheime"},"content":{"rendered":"<h1 class=\"wp-block-heading\" id=\"location-de-mobil-home-au-camping-4-etoiles-en-loire-atlantique\">Komfortable Unterk\u00fcnfte auf Ihrem Campingplatz La Crique<\/h1>\n\n\n\n<p class=\"has-text-align-center\">Entscheiden Sie sich bei Ihrer Ferienvermietung f\u00fcr ein voll ausgestattetes Mobilheim mit 1, 2 oder 3 Schlafzimmern f\u00fcr bis zu 6 Personen, ganz nach Ihren Bed\u00fcrfnissen. Ob mit Freunden oder der Familie, unsere Unterk\u00fcnfte sind so eingerichtet, dass Sie einen komfortablen Urlaub mit Ihren Lieben verbringen k\u00f6nnen. Badezimmer, Einbauk\u00fcche, Zimmer mit Schr\u00e4nken, Terrasse und Gartenm\u00f6bel - stellen Sie Ihre Koffer ab und genie\u00dfen Sie einfach.<\/p>\n\n\n\n<figure class=\"wp-block-image aligncenter size-full\"><img loading=\"lazy\" decoding=\"async\" width=\"50\" height=\"8\" src=\"https:\/\/www.mirabel-crique.com\/wp-content\/uploads\/2022\/11\/barre-bleue.png\" alt=\"Stange\" class=\"wp-image-8062\"\/><\/figure>\n\n\n\n<div class=\"wp-block-media-text alignwide has-media-on-the-right is-stacked-on-mobile is-image-fill-element\"><div class=\"wp-block-media-text__content\">\n<h2 class=\"wp-block-heading\">Verschiedene Angebote f\u00fcr Ihren Aufenthalt in einem Mobilheim in Saint-Cast-le-Guildo<\/h2>\n\n\n\n<figure class=\"wp-block-image size-full\"><img loading=\"lazy\" decoding=\"async\" width=\"50\" height=\"8\" src=\"https:\/\/www.mirabel-crique.com\/wp-content\/uploads\/2022\/11\/barre-bleue.png\" alt=\"Stange\" class=\"wp-image-8062\"\/><\/figure>\n\n\n\n<p>Anfang April sind die Mobilheime bereit, Sie zu empfangen. Buchen Sie, packen Sie Ihren Koffer und dann hei\u00dft es nur noch ... Denken Sie an den Verleih von Bettw\u00e4sche, um mit leichtem Gep\u00e4ck zu reisen!<br>Bei einer sp\u00e4ten Ankunft (nach Schlie\u00dfung der Rezeption) kontaktieren Sie uns bitte, wir sagen Ihnen dann, wie Sie sich einrichten k\u00f6nnen.<br>Auf Ihrem 3-Sterne-Campingplatz La Crique bieten wir Ihnen zwei M\u00f6glichkeiten, Ihr Mobilheim zu mieten:<\/p>\n\n\n\n<ul class=\"wp-block-list\">\n<li><strong>Les Escapades<\/strong><br>Wochenenden und Kurzaufenthalte ab 2 N\u00e4chten vom 03\/04 bis 31\/10.<br>Sie haben nur 48 Stunden Zeit, um sich zu entspannen? Kommen Sie und atmen Sie die frische Luft der Meeresk\u00fcste ein, Sie werden mit neuer Energie nach Hause gehen...<\/li>\n<\/ul>\n\n\n\n<ul class=\"wp-block-list\">\n<li><strong>Les Vacances, f\u00fcr Aufenthalte von einer Woche oder mehr<br><\/strong>Sie bestimmen Ihren Ankunftstag und die Dauer Ihres Aufenthalts selbst! Holen Sie sich in der Bretagne eine Prise jodhaltige Luft und verbringen Sie Ihren Urlaub im Rhythmus der Gezeiten.<\/li>\n<\/ul>\n\n\n\n<div class=\"wp-block-group alignwide is-layout-flow wp-block-group-is-layout-flow\"><\/div>\n<\/div><figure class=\"wp-block-media-text__media\"><img loading=\"lazy\" decoding=\"async\" width=\"1024\" height=\"683\" src=\"https:\/\/www.mirabel-crique.com\/wp-content\/uploads\/2022\/10\/1-location-mobil-home-sejour-1-1024x683.jpg\" alt=\"vermietung mobilheim campingplatz in Saint Cast le Guildo\" class=\"wp-image-7493 size-full\" style=\"object-position:47% 66%\" srcset=\"https:\/\/www.mirabel-crique.com\/wp-content\/uploads\/2022\/10\/1-location-mobil-home-sejour-1-1024x683.jpg 1024w, https:\/\/www.mirabel-crique.com\/wp-content\/uploads\/2022\/10\/1-location-mobil-home-sejour-1-300x200.jpg 300w, https:\/\/www.mirabel-crique.com\/wp-content\/uploads\/2022\/10\/1-location-mobil-home-sejour-1-768x512.jpg 768w, https:\/\/www.mirabel-crique.com\/wp-content\/uploads\/2022\/10\/1-location-mobil-home-sejour-1.jpg 1200w\" sizes=\"auto, (max-width: 1024px) 100vw, 1024px\" \/><\/figure><\/div>\n\n\n\n<div style=\"height:46px\" aria-hidden=\"true\" class=\"wp-block-spacer\"><\/div>\n\n\n\n<div class=\"wp-block-columns is-layout-flex wp-container-core-columns-is-layout-28f84493 wp-block-columns-is-layout-flex\">\n<div class=\"wp-block-column is-layout-flow wp-block-column-is-layout-flow\">\n<div style=\"height:30px\" aria-hidden=\"true\" class=\"wp-block-spacer\"><\/div>\n\n\n\n<h2 class=\"wp-block-heading\" id=\"gamme-superieure-de-l-espace-et-du-confort\">Vermietung von Mobilheimen<\/h2>\n\n\n\n<figure class=\"wp-block-image size-full\"><img decoding=\"async\" src=\"https:\/\/www.campinglarenaudiere.com\/wp-content\/uploads\/2022\/01\/barre-bleue.png\" alt=\"Stange\" class=\"wp-image-2382\"\/><\/figure>\n\n\n\n<p><\/p>\n\n\n<div class=\"multiple-hebergements\">\r\n<article class=\"multiple-item clearfix\">\r\n<a href=\"https:\/\/www.mirabel-crique.com\/de\/hebergement\/mobil-home-1-chambre\/\">\r\n\t<div class=\"d-flex flex-column\">\r\n\t\t\r\n\t\t<div class=\"multiple-item-photo\">\r\n\t\t\t<img decoding=\"async\" src=\"https:\/\/www.mirabel-crique.com\/wp-content\/uploads\/2022\/10\/IMG_0078.jpg\" alt=\"Mobilheim 1 Zimmer\">\r\n\t\t<\/div>\r\n\r\n\t\t<div class=\"multiple-item-titre\">\r\n\t\t\tMobilheim 1 Zimmer \r\n\r\n\t\t\t\t\t\t\t\t\t\t\t\t<\/div>\r\n\t\t\r\n\t\t<div class=\"multiple-item-desc\">\r\n\t\t\t\t\t\t\t\t\t\t\t<div class=\"multiple-item-nbchambres multiple-item-champ\">\r\n\t\t\t\t\t<span class=\"val\">1<\/span>&nbsp;\r\n\t\t\t\t\t<span class=\"lbl\">ch<\/span>\r\n\t\t\t\t<\/div>\r\n\t\t\t\r\n\t\t\t\t\t\t\t\t\t\t\t<div class=\"multiple-item-nbpersonnes multiple-item-champ\">\r\n\t\t\t\t\t<span class=\"val\">2\/4<\/span>&nbsp;\r\n\t\t\t\t\t<span class=\"lbl\"><i class=\"fas fa-male\"><\/i><\/span>\r\n\t\t\t\t<\/div>\r\n\t\t\t\r\n\t\t\t\t\t\t\t<div class=\"multiple-item-nbsdb multiple-item-champ\">\r\n\t\t\t\t\t<span class=\"val\">1<\/span>\r\n\t\t\t\t\t<span class=\"lbl\"><img decoding=\"async\" src=\"https:\/\/www.mirabel-crique.com\/wp-content\/themes\/lacrique\/assets\/img\/picto-sdb.png\"><\/span>\r\n\t\t\t\t<\/div>\r\n\t\t\t\r\n\r\n\r\n\t\t\t\r\n\t\t\t\r\n\r\n\t\t\t\t\t\t<div class=\"multiple-item-champ\">\r\n\t\t\t\t<span class=\"lbl\">Fl\u00e4che<\/span>&nbsp;\r\n\t\t\t\t<span class=\"val\">20 m\u00b2<\/span>\r\n\t\t\t<\/div>\r\n\t\t\t\r\n\r\n\t\t\t\t\t<\/div>\r\n\r\n\r\n\t\t<button class=\"plus\">\r\n\t\t\tMehr dazu +\t\t<\/button>\r\n\r\n\t<\/div>\r\n<\/a>\r\n<\/article>\r\n\r\n<article class=\"multiple-item clearfix\">\r\n<a href=\"https:\/\/www.mirabel-crique.com\/de\/hebergement\/mobil-home-2-chambres\/\">\r\n\t<div class=\"d-flex flex-column\">\r\n\t\t\r\n\t\t<div class=\"multiple-item-photo\">\r\n\t\t\t<img decoding=\"async\" src=\"https:\/\/www.mirabel-crique.com\/wp-content\/uploads\/2022\/10\/header-location-mobil-home-1024x422.jpg\" alt=\"Mobilheim 2 Zimmer\">\r\n\t\t<\/div>\r\n\r\n\t\t<div class=\"multiple-item-titre\">\r\n\t\t\tMobilheim 2 Zimmer \r\n\r\n\t\t\t\t\t\t\t\t\t\t\t\t<\/div>\r\n\t\t\r\n\t\t<div class=\"multiple-item-desc\">\r\n\t\t\t\t\t\t\t\t\t\t\t<div class=\"multiple-item-nbchambres multiple-item-champ\">\r\n\t\t\t\t\t<span class=\"val\">2<\/span>&nbsp;\r\n\t\t\t\t\t<span class=\"lbl\">ch<\/span>\r\n\t\t\t\t<\/div>\r\n\t\t\t\r\n\t\t\t\t\t\t\t\t\t\t\t<div class=\"multiple-item-nbpersonnes multiple-item-champ\">\r\n\t\t\t\t\t<span class=\"val\">4<\/span>&nbsp;\r\n\t\t\t\t\t<span class=\"lbl\"><i class=\"fas fa-male\"><\/i><\/span>\r\n\t\t\t\t<\/div>\r\n\t\t\t\r\n\t\t\t\t\t\t\t<div class=\"multiple-item-nbsdb multiple-item-champ\">\r\n\t\t\t\t\t<span class=\"val\">1<\/span>\r\n\t\t\t\t\t<span class=\"lbl\"><img decoding=\"async\" src=\"https:\/\/www.mirabel-crique.com\/wp-content\/themes\/lacrique\/assets\/img\/picto-sdb.png\"><\/span>\r\n\t\t\t\t<\/div>\r\n\t\t\t\r\n\r\n\r\n\t\t\t\r\n\t\t\t\r\n\r\n\t\t\t\t\t\t<div class=\"multiple-item-champ\">\r\n\t\t\t\t<span class=\"lbl\">Fl\u00e4che<\/span>&nbsp;\r\n\t\t\t\t<span class=\"val\">29 m\u00b2<\/span>\r\n\t\t\t<\/div>\r\n\t\t\t\r\n\r\n\t\t\t\t\t<\/div>\r\n\r\n\r\n\t\t<button class=\"plus\">\r\n\t\t\tMehr dazu +\t\t<\/button>\r\n\r\n\t<\/div>\r\n<\/a>\r\n<\/article>\r\n\r\n<article class=\"multiple-item clearfix\">\r\n<a href=\"https:\/\/www.mirabel-crique.com\/de\/hebergement\/mobil-home-3-chambres\/\">\r\n\t<div class=\"d-flex flex-column\">\r\n\t\t\r\n\t\t<div class=\"multiple-item-photo\">\r\n\t\t\t<img decoding=\"async\" src=\"https:\/\/www.mirabel-crique.com\/wp-content\/uploads\/2022\/10\/MH-3chambres-salon.jpg\" alt=\"Mobilheim 3 Zimmer\">\r\n\t\t<\/div>\r\n\r\n\t\t<div class=\"multiple-item-titre\">\r\n\t\t\tMobilheim 3 Zimmer \r\n\r\n\t\t\t\t\t\t\t\t\t\t\t\t<\/div>\r\n\t\t\r\n\t\t<div class=\"multiple-item-desc\">\r\n\t\t\t\t\t\t\t\t\t\t\t<div class=\"multiple-item-nbchambres multiple-item-champ\">\r\n\t\t\t\t\t<span class=\"val\">3<\/span>&nbsp;\r\n\t\t\t\t\t<span class=\"lbl\">ch<\/span>\r\n\t\t\t\t<\/div>\r\n\t\t\t\r\n\t\t\t\t\t\t\t\t\t\t\t<div class=\"multiple-item-nbpersonnes multiple-item-champ\">\r\n\t\t\t\t\t<span class=\"val\">6<\/span>&nbsp;\r\n\t\t\t\t\t<span class=\"lbl\"><i class=\"fas fa-male\"><\/i><\/span>\r\n\t\t\t\t<\/div>\r\n\t\t\t\r\n\t\t\t\t\t\t\t<div class=\"multiple-item-nbsdb multiple-item-champ\">\r\n\t\t\t\t\t<span class=\"val\">1<\/span>\r\n\t\t\t\t\t<span class=\"lbl\"><img decoding=\"async\" src=\"https:\/\/www.mirabel-crique.com\/wp-content\/themes\/lacrique\/assets\/img\/picto-sdb.png\"><\/span>\r\n\t\t\t\t<\/div>\r\n\t\t\t\r\n\r\n\r\n\t\t\t\r\n\t\t\t\r\n\r\n\t\t\t\t\t\t<div class=\"multiple-item-champ\">\r\n\t\t\t\t<span class=\"lbl\">Fl\u00e4che<\/span>&nbsp;\r\n\t\t\t\t<span class=\"val\">31 m\u00b2<\/span>\r\n\t\t\t<\/div>\r\n\t\t\t\r\n\r\n\t\t\t\t\t<\/div>\r\n\r\n\r\n\t\t<button class=\"plus\">\r\n\t\t\tMehr dazu +\t\t<\/button>\r\n\r\n\t<\/div>\r\n<\/a>\r\n<\/article>\r\n<div class=\"multiple-item-line-return\"><\/div><\/div>\n<\/div>\n<\/div>\n\n\n\n<div class=\"wp-block-columns is-layout-flex wp-container-core-columns-is-layout-28f84493 wp-block-columns-is-layout-flex\">\n<div class=\"wp-block-column has-white-color has-text-color is-layout-flow wp-block-column-is-layout-flow\" id=\"options\">\n<div class=\"wp-block-group card h-100 pl-4 pr-4 pt-4 rounded-lg border border-info is-layout-flow wp-block-group-is-layout-flow\">\n<p class=\"has-text-align-left has-turquoise-color has-text-color has-medium-font-size\"><img decoding=\"async\" class=\"wp-image-1933\" style=\"width: 50px;\" src=\"https:\/\/www.campinglarenaudiere.com\/wp-content\/uploads\/2021\/12\/etoile.png\" alt=\"Stern\">   &nbsp;      <strong>OPTIONAL<\/strong><\/p>\n\n\n\n<figure class=\"wp-block-table text-left table-tarifs\"><table class=\"has-turquoise-color has-text-color\"><tbody><tr><td><mark style=\"background-color:rgba(0, 0, 0, 0)\" class=\"has-inline-color has-orange-color\"><strong><mark style=\"background-color:rgba(0, 0, 0, 0)\" class=\"has-inline-color has-orange-color\">\u2022<\/mark> <\/strong> <\/mark><strong>Bettlaken mieten<\/strong>s<\/td><td class=\"has-text-align-left\" data-align=\"left\"><strong>12 \u20ac \/ 15 \u20ac<\/strong> <strong>pro Aufenthalt  <\/strong>            <\/td><\/tr><tr><td><strong> <span class=\"has-inline-color has-orange-color\">\u2022<\/span> <\/strong> <strong>Verleih von Babyausstattungen<br><\/strong><em>(Kinderbett und Hochstuhl) <\/em><\/td><td class=\"has-text-align-left\" data-align=\"left\"><strong>3 \u20ac \/ Tag<\/strong><\/td><\/tr><tr><td><strong><mark style=\"background-color:rgba(0, 0, 0, 0)\" class=\"has-inline-color has-orange-color\">\u2022<\/mark> <\/strong> <strong>WIFI<\/strong> kostenlos auf dem Campingplatz<\/td><td class=\"has-text-align-left\" data-align=\"left\"><\/td><\/tr><tr><td><strong>  <mark style=\"background-color:rgba(0, 0, 0, 0)\" class=\"has-inline-color has-orange-color\">\u2022<\/mark>  W\u00e4scherei<\/strong><br><em>(Waschmaschine 5\u20ac, Trockner 4\u20ac, Waschmittel 1\u20ac)<\/em><\/td><td class=\"has-text-align-left\" data-align=\"left\"><strong>1\u20ac \/ 5\u20ac<\/strong><\/td><\/tr><tr><td><strong> <span class=\"has-inline-color has-orange-color\">\u2022<\/span> <\/strong> <strong>Haustiere akzeptiert  <em><br><\/em><\/strong><em>(Katze und Hunde, au\u00dfer Kat 1 und 2, maximal 2 pro Stellplatz)<\/em> <\/td><td class=\"has-text-align-left\" data-align=\"left\"><strong>2 \u20ac\/ Nacht <\/strong><\/td><\/tr><tr><td><strong><mark style=\"background-color:rgba(0, 0, 0, 0)\" class=\"has-inline-color has-orange-color\"> \u2022<\/mark> Grill<\/strong><br><em>in Selbstbedienung auf dem Campingplatz (Gitter an der Rezeption erh\u00e4ltlich)<\/em><\/td><td class=\"has-text-align-left\" data-align=\"left\"><strong>Kaution von 20 \u20ac<\/strong><\/td><\/tr><\/tbody><\/table><\/figure>\n<\/div>\n<\/div>\n\n\n\n<div class=\"wp-block-column is-vertically-aligned-top has-orange-color has-white-color has-text-color is-layout-flow wp-block-column-is-layout-flow\">\n<div class=\"wp-block-cover aligncenter card h-100 pl-4 pr-4 pt-4 rounded-lg border border-info\"><img decoding=\"async\" class=\"wp-block-cover__image-background wp-image-1376\" alt=\"\" src=\"https:\/\/www.campinglarenaudiere.com\/wp-content\/uploads\/2022\/01\/services-camping-Pornic.jpg\" style=\"object-position:61% 50%\" data-object-fit=\"cover\" data-object-position=\"61% 50%\"\/><span aria-hidden=\"true\" class=\"wp-block-cover__background has-turquoise-background-color has-background-dim-80 has-background-dim\"><\/span><div class=\"wp-block-cover__inner-container is-layout-flow wp-block-cover-is-layout-flow\">\n<p class=\"has-medium-font-size\"><img decoding=\"async\" class=\"wp-image-1977\" style=\"width: 70px;\" src=\"https:\/\/www.campinglarenaudiere.com\/wp-content\/uploads\/2021\/12\/smile-blanc.png\" alt=\"\">    &nbsp;  <strong>PRAXIS<\/strong><\/p>\n\n\n\n<div style=\"height:18px\" aria-hidden=\"true\" class=\"wp-block-spacer\"><\/div>\n\n\n\n<p class=\"wp-block-sev-picto-text\"><i class=\"fa fa-calendar-alt\"><\/i><span>Reservierung f\u00fcr mindestens 2 N\u00e4chte in der Nebensaison, im Juli und August mindestens 7 N\u00e4chte mit m\u00f6glicher An- und Abreise am Mittwoch oder Samstag.<\/span><\/p>\n\n\n\n<p class=\"wp-block-sev-picto-text\"><i class=\"fa fa-clock\"><\/i><span>Ankunft ab 15 Uhr und Abreise bis 10 Uhr<\/span><\/p>\n\n\n\n<p class=\"wp-block-sev-picto-text\"><i class=\"fa fa-tv\"><\/i><span>TV in allen Mobilheimen<\/span><\/p>\n\n\n\n<p class=\"wp-block-sev-picto-text\"><i class=\"fas fa-wifi\"><\/i><span>Kostenloses WLAN im Empfangsbereich und in der Wanderer-Ecke<\/span><\/p>\n\n\n\n<div style=\"height:32px\" aria-hidden=\"true\" class=\"wp-block-spacer\"><\/div>\n\n\n\n<p class=\"has-text-align-center\"><strong>\u00d6ffnungszeiten der Anlaufstelle <\/strong> <br><img decoding=\"async\" class=\"wp-image-4325\" style=\"width: 49px;\" src=\"https:\/\/www.campinglarenaudiere.com\/wp-content\/uploads\/2021\/12\/barre-camping-1.png\" alt=\"\"> <\/p>\n\n\n\n<p class=\"has-text-align-center\">Nebensaison: 9:30 bis 12:00 Uhr und 14:00 bis 18:00 Uhr<br>Juli - August<em> <\/em>: 9h bis 12h und 14h bis 19h<\/p>\n\n\n\n<p><\/p>\n<\/div><\/div>\n<\/div>\n<\/div>\n\n\n\n<p><\/p>\n\n\n\n<p class=\"has-text-align-center texte-rond mt-5 has-large-font-size\">Was es auf dem Campingplatz zu entdecken gibt<\/p>\n\n\n\n<div class=\"wp-block-columns are-vertically-aligned-center h-20 front-page-section grey is-layout-flex wp-container-core-columns-is-layout-28f84493 wp-block-columns-is-layout-flex\">\n<div class=\"wp-block-column is-layout-flow wp-block-column-is-layout-flow\"><\/div>\n\n\n\n<div class=\"wp-block-column is-layout-flow wp-block-column-is-layout-flow\"><\/div>\n\n\n\n<div class=\"wp-block-column is-vertically-aligned-center is-layout-flow wp-block-column-is-layout-flow\">\n<div class=\"wp-block-create-block-sevgutenberg-navigation\"><aside class=\"encart-sev-navigation small carre\"><a href=\"https:\/\/www.mirabel-crique.com\/de\/campingdienste\/\" class=\"d-flex flex-column align-items-center\"><div class=\"encart-title\"><span>Dienste<\/span><\/div><div class=\"vague\"><\/div><img decoding=\"async\" src=\"https:\/\/www.mirabel-crique.com\/wp-content\/uploads\/2022\/10\/header-page-services.jpg\" alt=\"dienstleistungen des campingplatzes am strand in saint cast le guildo\"\/><div class=\"ligne\"><\/div><div class=\"hover\"><\/div><\/a><\/aside><\/div>\n<\/div>\n\n\n\n<div class=\"wp-block-column is-vertically-aligned-center is-layout-flow wp-block-column-is-layout-flow\">\n<div class=\"wp-block-create-block-sevgutenberg-navigation\"><aside class=\"encart-sev-navigation small carre\"><a href=\"https:\/\/www.mirabel-crique.com\/de\/campingplatz\/\" class=\"d-flex flex-column align-items-center\"><div class=\"encart-title\"><span>Campingpl\u00e4tze<\/span><\/div><div class=\"vague\"><\/div><img decoding=\"async\" src=\"https:\/\/www.mirabel-crique.com\/wp-content\/uploads\/2022\/10\/1-Crique-emplacements-mer-1.jpg\" alt=\"campingpl\u00e4tze mit meerblick\"\/><div class=\"ligne\"><\/div><div class=\"hover\"><\/div><\/a><\/aside><\/div>\n<\/div>\n\n\n\n<div class=\"wp-block-column is-layout-flow wp-block-column-is-layout-flow\"><\/div>\n<\/div>\n\n\n\n<p><\/p>","protected":false},"excerpt":{"rendered":"<p>Des h\u00e9bergements tout confort dans votre camping La Crique Pour votre location de vacances, optez pour un mobil-home 1, 2 [&hellip;]<\/p>\n","protected":false},"author":1,"featured_media":0,"parent":0,"menu_order":0,"comment_status":"closed","ping_status":"closed","template":"","meta":{"_seopress_robots_primary_cat":"","_seopress_titles_title":"Tarifs location mobil-home \u00e0 Saint Cast le Guildo La Crique","_seopress_titles_desc":"Pour mieux pr\u00e9parer vos vacances en C\u00f4tes d'Armor, retrouvez tous les tarifs de nos mobil-homes en location \u00e0 Saint Cast le Guildo","_seopress_robots_index":"","footnotes":""},"class_list":["post-56","page","type-page","status-publish","hentry"],"_links":{"self":[{"href":"https:\/\/www.mirabel-crique.com\/de\/wp-json\/wp\/v2\/pages\/56","targetHints":{"allow":["GET"]}}],"collection":[{"href":"https:\/\/www.mirabel-crique.com\/de\/wp-json\/wp\/v2\/pages"}],"about":[{"href":"https:\/\/www.mirabel-crique.com\/de\/wp-json\/wp\/v2\/types\/page"}],"author":[{"embeddable":true,"href":"https:\/\/www.mirabel-crique.com\/de\/wp-json\/wp\/v2\/users\/1"}],"replies":[{"embeddable":true,"href":"https:\/\/www.mirabel-crique.com\/de\/wp-json\/wp\/v2\/comments?post=56"}],"version-history":[{"count":28,"href":"https:\/\/www.mirabel-crique.com\/de\/wp-json\/wp\/v2\/pages\/56\/revisions"}],"predecessor-version":[{"id":10832,"href":"https:\/\/www.mirabel-crique.com\/de\/wp-json\/wp\/v2\/pages\/56\/revisions\/10832"}],"wp:attachment":[{"href":"https:\/\/www.mirabel-crique.com\/de\/wp-json\/wp\/v2\/media?parent=56"}],"curies":[{"name":"WordPress","href":"https:\/\/api.w.org\/{rel}","templated":true}]}}