{"id":63,"date":"2021-12-10T14:23:37","date_gmt":"2021-12-10T13:23:37","guid":{"rendered":"https:\/\/www.campinglarenaudiere.com\/?page_id=63"},"modified":"2026-04-16T14:28:43","modified_gmt":"2026-04-16T12:28:43","slug":"zweitwohnsitz-bretagne","status":"publish","type":"page","link":"https:\/\/www.mirabel-crique.com\/de\/residence-secondaire-bretagne\/","title":{"rendered":"Ihr Zweitwohnsitz"},"content":{"rendered":"<h1 class=\"wp-block-heading\" id=\"votre-residence-secondaire-a-deux-pas-de-pornic\">Ihr Zweitwohnsitz in Saint-Cast-le-Guildo in der Bretagne<\/h1>\n\n\n\n<p class=\"has-text-align-center\">In acht Monaten des Jahres genie\u00dfen Sie das Meer in all seinen Facetten.<\/p>\n\n\n\n<figure class=\"wp-block-image aligncenter size-full\"><img loading=\"lazy\" decoding=\"async\" width=\"50\" height=\"8\" src=\"https:\/\/www.mirabel-crique.com\/wp-content\/uploads\/2022\/11\/barre-bleue.png\" alt=\"\" class=\"wp-image-8062\"\/><\/figure>\n\n\n\n<div class=\"wp-block-group alignwide is-layout-flow wp-block-group-is-layout-flow\">\n<div class=\"wp-block-columns alignwide is-layout-flex wp-container-core-columns-is-layout-28f84493 wp-block-columns-is-layout-flex\">\n<div class=\"wp-block-column is-layout-flow wp-block-column-is-layout-flow\">\n<div class=\"wp-block-media-text has-media-on-the-right is-stacked-on-mobile is-vertically-aligned-center animate right\"><div class=\"wp-block-media-text__content\">\n<p><strong>Ein Fu\u00df in der T\u00fcr am Meer<\/strong> (der Strand liegt am Fu\u00dfe des Campingplatzes) zu geringeren Kosten, ist dies mit einem Mobilheim im <a href=\"https:\/\/www.mirabel-crique.com\/de\/\" data-type=\"page\" data-id=\"7195\">Campingplatz La Crique<\/a> !<br>Schauen Sie sich schnell unsere Anzeigen an, vielleicht ist eine dabei, die Ihnen einen Blick auf das Smaragdmeer bietet (und was f\u00fcr ein einzigartiger Blick angesichts des Fort La Latte)!<\/p>\n\n\n\n<figure class=\"wp-block-image alignleft size-full is-resized\"><img decoding=\"async\" src=\"https:\/\/www.campinglarenaudiere.com\/wp-content\/uploads\/2022\/01\/Panneau-vectoriel-original.png\" alt=\"willkommen zuhause!\" class=\"wp-image-1748\" style=\"width:150px;height:134px\"\/><\/figure>\n\n\n\n<p class=\"has-text-align-right texte-rond has-orange-color has-text-color has-large-font-size\"><br>Werden Sie Eigent\u00fcmer Ihres Mobilheims und genie\u00dfen Sie den Campingplatz 8 Monate lang.<\/p>\n<\/div><figure class=\"wp-block-media-text__media\"><img loading=\"lazy\" decoding=\"async\" width=\"1024\" height=\"683\" src=\"https:\/\/www.mirabel-crique.com\/wp-content\/uploads\/2022\/10\/1-mobil-home-parcelle-resident-1024x683.jpg\" alt=\"Parzelle Mobilheim Bewohner\" class=\"wp-image-7540 size-full\" srcset=\"https:\/\/www.mirabel-crique.com\/wp-content\/uploads\/2022\/10\/1-mobil-home-parcelle-resident-1024x683.jpg 1024w, https:\/\/www.mirabel-crique.com\/wp-content\/uploads\/2022\/10\/1-mobil-home-parcelle-resident-300x200.jpg 300w, https:\/\/www.mirabel-crique.com\/wp-content\/uploads\/2022\/10\/1-mobil-home-parcelle-resident-768x512.jpg 768w, https:\/\/www.mirabel-crique.com\/wp-content\/uploads\/2022\/10\/1-mobil-home-parcelle-resident.jpg 1200w\" sizes=\"auto, (max-width: 1024px) 100vw, 1024px\" \/><\/figure><\/div>\n<\/div>\n<\/div>\n\n\n\n<div class=\"wp-block-media-text alignwide is-stacked-on-mobile animate left front-page-section grey\"><figure class=\"wp-block-media-text__media\"><img loading=\"lazy\" decoding=\"async\" width=\"1024\" height=\"683\" src=\"https:\/\/www.mirabel-crique.com\/wp-content\/uploads\/2022\/10\/2-parcelle-mobil-home-vue-mer-1-1024x683.jpg\" alt=\"Mobilheim Resident mit Meerblick \" class=\"wp-image-7544 size-full\" srcset=\"https:\/\/www.mirabel-crique.com\/wp-content\/uploads\/2022\/10\/2-parcelle-mobil-home-vue-mer-1-1024x683.jpg 1024w, https:\/\/www.mirabel-crique.com\/wp-content\/uploads\/2022\/10\/2-parcelle-mobil-home-vue-mer-1-300x200.jpg 300w, https:\/\/www.mirabel-crique.com\/wp-content\/uploads\/2022\/10\/2-parcelle-mobil-home-vue-mer-1-768x512.jpg 768w, https:\/\/www.mirabel-crique.com\/wp-content\/uploads\/2022\/10\/2-parcelle-mobil-home-vue-mer-1.jpg 1200w\" sizes=\"auto, (max-width: 1024px) 100vw, 1024px\" \/><\/figure><div class=\"wp-block-media-text__content\">\n<div style=\"height:5px\" aria-hidden=\"true\" class=\"wp-block-spacer\"><\/div>\n\n\n\n<div class=\"wp-block-group card card-body border border-info h-100 has-turquoise-color has-text-color is-layout-flow wp-block-group-is-layout-flow\">\n<p class=\"has-text-align-center\"><strong>Die + eines Zweitwohnsitzes auf einem Campingplatz<\/strong><br> <img decoding=\"async\" class=\"wp-image-2357\" style=\"width: 50px;\" src=\"https:\/\/www.campinglarenaudiere.com\/wp-content\/uploads\/2022\/01\/barre-orange.png\" alt=\"\"> <\/p>\n\n\n\n<p><mark style=\"background-color:rgba(0, 0, 0, 0)\" class=\"has-inline-color has-orange-color\">\u2022<\/mark> Das ganze Jahr \u00fcber in den Urlaub fahren k\u00f6nnen<\/p>\n\n\n\n<p><mark style=\"background-color:rgba(0, 0, 0, 0)\" class=\"has-inline-color has-orange-color\">\u2022<\/mark> Ein Zweithaus zu geringen Kosten besitzen<\/p>\n\n\n\n<p><mark style=\"background-color:rgba(0, 0, 0, 0)\" class=\"has-inline-color has-orange-color\">\u2022<\/mark> Alle Einrichtungen und Dienstleistungen des Campingplatzes nutzen<\/p>\n\n\n\n<p><mark style=\"background-color:rgba(0, 0, 0, 0)\" class=\"has-inline-color has-orange-color\">\u2022<\/mark> Ihre Immobilie vermieten, wenn Sie sie nicht selbst nutzen<\/p>\n\n\n\n<p><mark style=\"background-color:rgba(0, 0, 0, 0)\" class=\"has-inline-color has-orange-color\">\u2022<\/mark> Sich von jeglicher Immobiliensteuer befreien<\/p>\n<\/div>\n<\/div><\/div>\n\n\n\n<div style=\"height:15px\" aria-hidden=\"true\" class=\"wp-block-spacer\"><\/div>\n\n\n\n<div class=\"wp-block-media-text alignwide has-media-on-the-right is-stacked-on-mobile animate right\"><div class=\"wp-block-media-text__content\">\n<h2 class=\"wp-block-heading\" id=\"comment-choisir-son-mobil-home\">Wie w\u00e4hlt man ein Mobilheim aus?<\/h2>\n\n\n\n<figure class=\"wp-block-image size-full\"><img decoding=\"async\" src=\"https:\/\/www.campinglarenaudiere.com\/wp-content\/uploads\/2022\/01\/barre-bleue.png\" alt=\"\" class=\"wp-image-2382\"\/><\/figure>\n\n\n\n<p>Hier bieten wir neue und gebrauchte Mobilheime an <strong>direkt am Standort verkauft<\/strong>. W\u00e4hlen Sie dasjenige, das am besten zu Ihrem Lebensstil passt: mit 1 bis 3 Schlafzimmern, ger\u00e4umig, voll ausgestattet, mit oder ohne Terrasse, ... richten Sie es nach Ihren W\u00fcnschen ein.<\/p>\n\n\n\n<p>Sie k\u00f6nnen Ihren neuen <strong>Ferienhaus<\/strong> nach Ihrem Geschmack und Ihrem Budget. Es ist ganz einfach, Sie w\u00e4hlen das Modell, das Ihnen gef\u00e4llt, und <strong>wir k\u00fcmmern uns um den Rest<\/strong> : Verschieben, Anschlie\u00dfen...<\/p>\n\n\n\n<p>Ihr mobiler Wohnsitz geh\u00f6rt Ihnen, die Parzelle wird ganzj\u00e4hrig vermietet.<br>Der Preis variiert je nach gew\u00e4hltem Standort: direkt am Meer, Fl\u00e4che...<\/p>\n<\/div><figure class=\"wp-block-media-text__media\"><img loading=\"lazy\" decoding=\"async\" width=\"1024\" height=\"683\" src=\"https:\/\/www.mirabel-crique.com\/wp-content\/uploads\/2022\/10\/3-vente-mobil-home-rapidhome-lodge77-2-1024x683.jpg\" alt=\"gro\u00dfe Auswahl an Mobilheimen \" class=\"wp-image-7548 size-full\" srcset=\"https:\/\/www.mirabel-crique.com\/wp-content\/uploads\/2022\/10\/3-vente-mobil-home-rapidhome-lodge77-2-1024x683.jpg 1024w, https:\/\/www.mirabel-crique.com\/wp-content\/uploads\/2022\/10\/3-vente-mobil-home-rapidhome-lodge77-2-300x200.jpg 300w, https:\/\/www.mirabel-crique.com\/wp-content\/uploads\/2022\/10\/3-vente-mobil-home-rapidhome-lodge77-2-768x512.jpg 768w, https:\/\/www.mirabel-crique.com\/wp-content\/uploads\/2022\/10\/3-vente-mobil-home-rapidhome-lodge77-2.jpg 1200w\" sizes=\"auto, (max-width: 1024px) 100vw, 1024px\" \/><\/figure><\/div>\n\n\n\n<div style=\"height:30px\" aria-hidden=\"true\" class=\"wp-block-spacer\"><\/div>\n\n\n\n<p class=\"has-text-align-center texte-rond has-orange-color has-text-color has-huge-font-size\">  - Kleinanzeigen -  <\/p>\n\n\n\n<div class=\"wp-block-columns is-layout-flex wp-container-core-columns-is-layout-28f84493 wp-block-columns-is-layout-flex\">\n<div class=\"wp-block-column mt-2 mb-2 ml-md-5 mr-md-5 ml-0 mr-0 is-layout-flow wp-block-column-is-layout-flow\">\n<div class=\"wp-block-group card h-100 is-layout-flow wp-block-group-is-layout-flow\">\n<figure class=\"wp-block-image size-full card-img-top\"><a href=\"https:\/\/web9.staging.sevouestcom.com\/vente-mobil-homes#neuf\"><img decoding=\"async\" src=\"https:\/\/www.campinglarenaudiere.com\/wp-content\/uploads\/2022\/01\/Mobil-home-Confort-Plus-1-chambre-lit-dappoint-2.jpg\" alt=\"neues Mobilheim\" class=\"wp-image-2887\"\/><\/a><\/figure>\n\n\n\n<p class=\"has-text-align-center card-title has-orange-color has-text-color\" style=\"font-size:24px\"><strong>Neue Mobilheime<\/strong><\/p>\n\n\n\n<div class=\"wp-block-buttons is-horizontal is-content-justification-center is-layout-flex wp-container-core-buttons-is-layout-03627597 wp-block-buttons-is-layout-flex\">\n<div class=\"wp-block-button\"><a class=\"wp-block-button__link has-white-color has-orange-background-color has-text-color has-background wp-element-button\" href=\"https:\/\/www.mirabel-crique.com\/de\/verkauf-mobilheime\/#neuf\" style=\"border-radius:30px\">Mehr erfahren<\/a><\/div>\n<\/div>\n\n\n\n<div style=\"height:10px\" aria-hidden=\"true\" class=\"wp-block-spacer\"><\/div>\n<\/div>\n<\/div>\n\n\n\n<div class=\"wp-block-column mt-2 mb-2 ml-5 mr-md-5 mr-0 is-layout-flow wp-block-column-is-layout-flow\">\n<div class=\"wp-block-group card h-100 is-layout-flow wp-block-group-is-layout-flow\">\n<figure class=\"wp-block-image size-full card-img-top\"><a href=\"https:\/\/web9.staging.sevouestcom.com\/vente-mobil-homes#occasion\"><img decoding=\"async\" src=\"https:\/\/www.campinglarenaudiere.com\/wp-content\/uploads\/2022\/01\/Mobil-home-Confort-Plus-2-chambres-1-lit-dappoint-1.jpg\" alt=\"gebrauchte Mobilheime\" class=\"wp-image-2885\"\/><\/a><\/figure>\n\n\n\n<p class=\"has-text-align-center card-title has-orange-color has-text-color\" style=\"font-size:24px\"><strong>Gebrauchte Mobilheime<\/strong><\/p>\n\n\n\n<div class=\"wp-block-buttons is-horizontal is-content-justification-center is-layout-flex wp-container-core-buttons-is-layout-03627597 wp-block-buttons-is-layout-flex\">\n<div class=\"wp-block-button\"><a class=\"wp-block-button__link has-white-color has-orange-background-color has-text-color has-background wp-element-button\" href=\"https:\/\/www.mirabel-crique.com\/de\/verkauf-mobilheime\/#occasion\" style=\"border-radius:50px\">Mehr erfahren<\/a><\/div>\n<\/div>\n\n\n\n<div style=\"height:10px\" aria-hidden=\"true\" class=\"wp-block-spacer\"><\/div>\n<\/div>\n<\/div>\n<\/div>\n<\/div>\n\n\n\n<div class=\"wp-block-cover alignfull is-light has-parallax h-50\"><div class=\"wp-block-cover__image-background wp-image-2862 has-parallax\" style=\"background-position:50% 50%;background-image:url(https:\/\/www.campinglarenaudiere.com\/wp-content\/uploads\/2022\/01\/HEADER-page-Mobil-home.jpg)\"><\/div><span aria-hidden=\"true\" class=\"wp-block-cover__background has-orange-background-color has-background-dim-80 has-background-dim\"><\/span><div class=\"wp-block-cover__inner-container is-layout-flow wp-block-cover-is-layout-flow\">\n<p class=\"has-text-align-center has-white-color has-text-color has-medium-font-size\"><strong>Unser Team begleitet Sie auf einer Entdeckungsreise durch den Campingplatz und sein Ausstellungsdorf.<br>Es liegt an Ihnen, den idealen Standort f\u00fcr Ihr zuk\u00fcnftiges Mobilheim zu w\u00e4hlen! <\/strong><\/p>\n\n\n\n<div class=\"wp-block-buttons is-horizontal is-content-justification-center is-layout-flex wp-container-core-buttons-is-layout-03627597 wp-block-buttons-is-layout-flex\">\n<div class=\"wp-block-button aligncenter\"><a class=\"wp-block-button__link has-orange-color has-white-background-color has-text-color has-background has-medium-font-size has-custom-font-size wp-element-button\"><i class=\"fa fa-phone-alt\"><\/i> 02 96 41 89 19<\/a><\/div>\n<\/div>\n\n\n\n<div style=\"height:53px\" aria-hidden=\"true\" class=\"wp-block-spacer\"><\/div>\n\n\n\n<p class=\"has-text-align-center has-white-color has-text-color has-medium-font-size\"><strong>Delphine begleitet Sie bei Ihrem Vorhaben, ein neues Mobilheim zu kaufen. Vereinbaren Sie einen Termin.<\/strong><\/p>\n\n\n\n<div class=\"wp-block-buttons is-content-justification-center is-layout-flex wp-container-core-buttons-is-layout-a89b3969 wp-block-buttons-is-layout-flex\">\n<div class=\"wp-block-button\"><a class=\"wp-block-button__link has-orange-color has-white-background-color has-text-color has-background has-link-color has-medium-font-size has-text-align-center has-custom-font-size wp-element-button\"><i class=\"fa fa-phone-alt\"> <\/i> 07 88 74 48 18<\/a><\/div>\n<\/div>\n\n\n\n<div style=\"height:63px\" aria-hidden=\"true\" class=\"wp-block-spacer\"><\/div>\n\n\n\n<p class=\"has-text-align-center texte-rond has-white-color has-text-color has-huge-font-size\">Kontaktieren Sie uns schnell, um Ihr Projekt zu besprechen und Ihren Traum zu verwirklichen!<\/p>\n\n\n\n<div style=\"height:20px\" aria-hidden=\"true\" class=\"wp-block-spacer\"><\/div>\n<\/div><\/div>\n\n\n\n<div style=\"height:60px\" aria-hidden=\"true\" class=\"wp-block-spacer\"><\/div>\n\n\n\n<div class=\"wp-block-media-text alignwide is-stacked-on-mobile animate left\"><figure class=\"wp-block-media-text__media\"><img loading=\"lazy\" decoding=\"async\" width=\"768\" height=\"1024\" src=\"https:\/\/www.mirabel-crique.com\/wp-content\/uploads\/2022\/10\/4-st-cast-le-guildo-768x1024.jpg\" alt=\"\" class=\"wp-image-7555 size-full\" srcset=\"https:\/\/www.mirabel-crique.com\/wp-content\/uploads\/2022\/10\/4-st-cast-le-guildo-768x1024.jpg 768w, https:\/\/www.mirabel-crique.com\/wp-content\/uploads\/2022\/10\/4-st-cast-le-guildo-225x300.jpg 225w, https:\/\/www.mirabel-crique.com\/wp-content\/uploads\/2022\/10\/4-st-cast-le-guildo.jpg 900w\" sizes=\"auto, (max-width: 768px) 100vw, 768px\" \/><\/figure><div class=\"wp-block-media-text__content\">\n<h2 class=\"wp-block-heading\">In den C\u00f4tes d'Armor l\u00e4sst es sich gut leben<\/h2>\n\n\n\n<figure class=\"wp-block-image size-full\"><img loading=\"lazy\" decoding=\"async\" width=\"50\" height=\"8\" src=\"https:\/\/www.mirabel-crique.com\/wp-content\/uploads\/2022\/10\/barre-bleue.png\" alt=\"\" class=\"wp-image-7508\"\/><\/figure>\n\n\n\n<p>Als Besitzer Ihres Mobilheims machen Sie es sich in Ihrem Zweitwohnsitz nach Lust und Laune bequem und kommen Sie in den Genuss von <strong>das Leben am Meer<\/strong>. <a href=\"https:\/\/www.mirabel-crique.com\/de\/saint-cast-le-guildo\/\" data-type=\"page\" data-id=\"69\">Saint-Cast-le-Guildo<\/a> ist ideal gelegen, um den Strand, die Wanderwege und insbesondere den GR34, Wassersportaktivit\u00e4ten aller Art und die sch\u00f6nsten Spots der C\u00f4tes d'Armor in vollen Z\u00fcgen zu genie\u00dfen!<\/p>\n\n\n\n<p>Von Ihrem Campingplatz La Crique aus k\u00f6nnen Sie direkt auf den GR f\u00fcr lange <strong>Spaziergang entlang der K\u00fcste<\/strong>, Oder Sie durchstreifen das Departement, um die sch\u00f6nsten Landschaften wie Cap Frehel mit seinem Leuchtturm, Cap d'Erquy mit seiner wilden Flora und vieles mehr zu erobern.<\/p>\n\n\n\n<p>Haben Sie Haustiere (Katzen und Hunde au\u00dferhalb der Kategorien 1 und 2)? Gute Nachrichten: <strong>sie sind willkommen<\/strong> auf unserem Campingplatz. Zeigen Sie ihnen ihr zweites Zuhause, sie werden sich sehr schnell daran gew\u00f6hnen, davon sind wir \u00fcberzeugt!<\/p>\n\n\n\n<p>Zu jeder Jahreszeit werden Sie die Region und ihre Vielf\u00e4ltigkeit zu sch\u00e4tzen wissen. Wenn Ihr Mobilheim leer ist, z\u00f6gern Sie nicht, es zu leeren. <strong>vermieten<\/strong> um Ihre j\u00e4hrlichen Kosten zu senken. Erkundigen Sie sich bei unserem Sachbearbeiter nach den Bedingungen f\u00fcr die Vermietung Ihres Zweitwohnsitzes.<\/p>\n<\/div><\/div>\n\n\n\n<div style=\"height:60px\" aria-hidden=\"true\" class=\"wp-block-spacer\"><\/div>","protected":false},"excerpt":{"rendered":"<p>Votre r\u00e9sidence secondaire \u00e0 Saint-Cast-le-Guildo en Bretagne Pendant 8 mois de l\u2019ann\u00e9e, vous appr\u00e9cierez la mer sous tous ses \u00e9tats. [&hellip;]<\/p>\n","protected":false},"author":1,"featured_media":0,"parent":0,"menu_order":0,"comment_status":"closed","ping_status":"closed","template":"","meta":{"_seopress_robots_primary_cat":"","_seopress_titles_title":"Locations de parcelles \u00e0 l\u2019ann\u00e9e pour r\u00e9sidence secondaire (22)","_seopress_titles_desc":"Locations de parcelles \u00e0 l\u2019ann\u00e9e au camping La Crique pour l'achat de votre r\u00e9sidence secondaire \u00e0 Saint Cast le Guildo","_seopress_robots_index":"","footnotes":""},"class_list":["post-63","page","type-page","status-publish","hentry"],"_links":{"self":[{"href":"https:\/\/www.mirabel-crique.com\/de\/wp-json\/wp\/v2\/pages\/63","targetHints":{"allow":["GET"]}}],"collection":[{"href":"https:\/\/www.mirabel-crique.com\/de\/wp-json\/wp\/v2\/pages"}],"about":[{"href":"https:\/\/www.mirabel-crique.com\/de\/wp-json\/wp\/v2\/types\/page"}],"author":[{"embeddable":true,"href":"https:\/\/www.mirabel-crique.com\/de\/wp-json\/wp\/v2\/users\/1"}],"replies":[{"embeddable":true,"href":"https:\/\/www.mirabel-crique.com\/de\/wp-json\/wp\/v2\/comments?post=63"}],"version-history":[{"count":22,"href":"https:\/\/www.mirabel-crique.com\/de\/wp-json\/wp\/v2\/pages\/63\/revisions"}],"predecessor-version":[{"id":10837,"href":"https:\/\/www.mirabel-crique.com\/de\/wp-json\/wp\/v2\/pages\/63\/revisions\/10837"}],"wp:attachment":[{"href":"https:\/\/www.mirabel-crique.com\/de\/wp-json\/wp\/v2\/media?parent=63"}],"curies":[{"name":"WordPress","href":"https:\/\/api.w.org\/{rel}","templated":true}]}}